{"id":3241,"date":"2024-07-12T14:44:28","date_gmt":"2024-07-12T12:44:28","guid":{"rendered":"https:\/\/equihero.eu\/?post_type=product&#038;p=3241"},"modified":"2025-03-12T14:37:03","modified_gmt":"2025-03-12T13:37:03","slug":"anatomische-inhalationsmaske-fur-pferde-rosa-kopia","status":"publish","type":"product","link":"https:\/\/equihero.eu\/de\/produkt\/anatomische-inhalationsmaske-fur-pferde-rosa-kopia\/","title":{"rendered":"Anatomische Maske f\u00fcr die Inhalation bei Pferden &#8211; Gr\u00fcn"},"content":{"rendered":"<p><span lang=\"PL\">EquiHero-Masken zeichnen sich durch ihre anatomische Form und Funktionalit\u00e4t aus. Dank des guten Sitzes am Kopf des Pferdes gelangt die verabreichte Medizin in h\u00f6herer Dosis dorthin, wo sie ben\u00f6tigt wird &#8211; in die unteren Atemwege. EquiHero-Masken werden aus einem modernen, flexiblen Material hergestellt, das sie langlebig, aber auch sicher f\u00fcr Pferde macht.<br \/>\n<\/span><span lang=\"PL\">Die Bedienung der EquiHero-Maske ist intuitiv und einfach. Die zus\u00e4tzlichen Dichtungspolster sorgen f\u00fcr eine perfekte Passform, unabh\u00e4ngig von der Gr\u00f6\u00dfe des Tieres oder der Form seines Kopfes, und bieten sowohl dem Pferd als auch dem Tr\u00e4ger Komfort. Dar\u00fcber hinaus ist das Produkt dank des Schnellwechselsystems mit Magnetverschluss und der einfachen Reinigung sicher und bequem in der Anwendung.<br \/>\n<\/span><span lang=\"PL\">Die Maske ist mit einem Ventil und einem Ventilsystem ausgestattet, um den Luftstrom an den Zustand des Pferdes anzupassen.<br \/>\n<\/span><span lang=\"PL\">EquiHero-Masken sind eine effektive L\u00f6sung zu einem erschwinglichen Preis. Schlie\u00dfen Sie sich den Reihen der zufriedenen Kunden an und genie\u00dfen Sie die Gewissheit, dass die Medikamente an den richtigen Ort gelangen.<br \/>\n<\/span><\/p>\n","protected":false},"excerpt":{"rendered":"<p class=\"v1MsoNormal\"><span lang=\"PL\">EquiHero-Masken zeichnen sich durch ihre anatomische Form und Funktionalit\u00e4t aus. Dank des guten Sitzes am Kopf des Pferdes gelangt die verabreichte Medizin in h\u00f6herer Dosis dorthin, wo sie ben\u00f6tigt wird &#8211; in die unteren Atemwege. Die Maske hat zwei runde \u00d6ffnungen von 2,5 cm und 1,7 cm f\u00fcr den Anschluss an kompatible Inhalatoren: Flaem Nebulair oder neb210 Microlife. Die Maske kann nach der Anpassung auch mit anderen Inhalatoren verwendet werden. Die Maske passt f\u00fcr Vollblutpferde. Die Maske wird mit einer Kappe, einem Blindstopfen und einer Kappe f\u00fcr Spr\u00fchdosen geliefert.<br \/>\n<\/span><\/p>\n","protected":false},"featured_media":3278,"comment_status":"open","ping_status":"closed","template":"","meta":{"site-sidebar-layout":"default","site-content-layout":"","ast-site-content-layout":"default","site-content-style":"default","site-sidebar-style":"default","ast-global-header-display":"","ast-banner-title-visibility":"","ast-main-header-display":"","ast-hfb-above-header-display":"","ast-hfb-below-header-display":"","ast-hfb-mobile-header-display":"","site-post-title":"","ast-breadcrumbs-content":"","ast-featured-img":"","footer-sml-layout":"","ast-disable-related-posts":"","theme-transparent-header-meta":"default","adv-header-id-meta":"","stick-header-meta":"","header-above-stick-meta":"","header-main-stick-meta":"","header-below-stick-meta":"","astra-migrate-meta-layouts":"set","ast-page-background-enabled":"default","ast-page-background-meta":{"desktop":{"background-color":"","background-image":"","background-repeat":"repeat","background-position":"center center","background-size":"auto","background-attachment":"scroll","background-type":"","background-media":"","overlay-type":"","overlay-color":"","overlay-opacity":"","overlay-gradient":""},"tablet":{"background-color":"","background-image":"","background-repeat":"repeat","background-position":"center center","background-size":"auto","background-attachment":"scroll","background-type":"","background-media":"","overlay-type":"","overlay-color":"","overlay-opacity":"","overlay-gradient":""},"mobile":{"background-color":"","background-image":"","background-repeat":"repeat","background-position":"center center","background-size":"auto","background-attachment":"scroll","background-type":"","background-media":"","overlay-type":"","overlay-color":"","overlay-opacity":"","overlay-gradient":""}},"ast-content-background-meta":{"desktop":{"background-color":"var(--ast-global-color-5)","background-image":"","background-repeat":"repeat","background-position":"center center","background-size":"auto","background-attachment":"scroll","background-type":"","background-media":"","overlay-type":"","overlay-color":"","overlay-opacity":"","overlay-gradient":""},"tablet":{"background-color":"var(--ast-global-color-5)","background-image":"","background-repeat":"repeat","background-position":"center center","background-size":"auto","background-attachment":"scroll","background-type":"","background-media":"","overlay-type":"","overlay-color":"","overlay-opacity":"","overlay-gradient":""},"mobile":{"background-color":"var(--ast-global-color-5)","background-image":"","background-repeat":"repeat","background-position":"center center","background-size":"auto","background-attachment":"scroll","background-type":"","background-media":"","overlay-type":"","overlay-color":"","overlay-opacity":"","overlay-gradient":""}}},"product_brand":[],"product_cat":[52],"product_tag":[],"class_list":{"0":"post-3241","1":"product","2":"type-product","3":"status-publish","4":"has-post-thumbnail","6":"product_cat-maske","7":"desktop-align-left","8":"tablet-align-left","9":"mobile-align-left","11":"first","12":"outofstock","13":"taxable","14":"shipping-taxable","15":"purchasable","16":"product-type-simple"},"yoast_head":"<!-- This site is optimized with the Yoast SEO plugin v27.0 - https:\/\/yoast.com\/product\/yoast-seo-wordpress\/ -->\n<title>Anatomische Maske f\u00fcr die Inhalation bei Pferden - Gr\u00fcn | Equihero<\/title>\n<meta name=\"robots\" content=\"index, follow, max-snippet:-1, max-image-preview:large, max-video-preview:-1\" \/>\n<link rel=\"canonical\" href=\"https:\/\/equihero.eu\/de\/produkt\/anatomische-inhalationsmaske-fur-pferde-rosa-kopia\/\" \/>\n<meta property=\"og:locale\" content=\"de_DE\" \/>\n<meta property=\"og:type\" content=\"article\" \/>\n<meta property=\"og:title\" content=\"Anatomische Maske f\u00fcr die Inhalation bei Pferden - Gr\u00fcn | Equihero\" \/>\n<meta property=\"og:description\" content=\"EquiHero-Masken zeichnen sich durch ihre anatomische Form und Funktionalit\u00e4t aus. Dank des guten Sitzes am Kopf des Pferdes gelangt die verabreichte Medizin in h\u00f6herer Dosis dorthin, wo sie ben\u00f6tigt wird - in die unteren Atemwege. Die Maske hat zwei runde \u00d6ffnungen von 2,5 cm und 1,7 cm f\u00fcr den Anschluss an kompatible Inhalatoren: Flaem Nebulair oder neb210 Microlife. Die Maske kann nach der Anpassung auch mit anderen Inhalatoren verwendet werden. Die Maske passt f\u00fcr Vollblutpferde. Die Maske wird mit einer Kappe, einem Blindstopfen und einer Kappe f\u00fcr Spr\u00fchdosen geliefert.\" \/>\n<meta property=\"og:url\" content=\"https:\/\/equihero.eu\/de\/produkt\/anatomische-inhalationsmaske-fur-pferde-rosa-kopia\/\" \/>\n<meta property=\"og:site_name\" content=\"Equihero\" \/>\n<meta property=\"article:publisher\" content=\"https:\/\/m.facebook.com\/equihero.eu\" \/>\n<meta property=\"article:modified_time\" content=\"2025-03-12T13:37:03+00:00\" \/>\n<meta property=\"og:image\" content=\"https:\/\/equihero.eu\/wp-content\/uploads\/2024\/07\/EHg1.jpg\" \/>\n\t<meta property=\"og:image:width\" content=\"2000\" \/>\n\t<meta property=\"og:image:height\" content=\"2000\" \/>\n\t<meta property=\"og:image:type\" content=\"image\/jpeg\" \/>\n<meta name=\"twitter:card\" content=\"summary_large_image\" \/>\n<meta name=\"twitter:label1\" content=\"Preis\" \/>\n\t<meta name=\"twitter:data1\" content=\"&euro;222.50\" \/>\n\t<meta name=\"twitter:label2\" content=\"Verf\u00fcgbarkeit\" \/>\n\t<meta name=\"twitter:data2\" content=\"ausverkauft\" \/>\n<script type=\"application\/ld+json\" class=\"yoast-schema-graph\">{\"@context\":\"https:\/\/schema.org\",\"@graph\":[{\"@type\":\"WebPage\",\"@id\":\"https:\/\/equihero.eu\/de\/produkt\/anatomische-inhalationsmaske-fur-pferde-rosa-kopia\/\",\"url\":\"https:\/\/equihero.eu\/de\/produkt\/anatomische-inhalationsmaske-fur-pferde-rosa-kopia\/\",\"name\":\"Anatomische Maske f\u00fcr die Inhalation bei Pferden - Gr\u00fcn | Equihero\",\"isPartOf\":{\"@id\":\"https:\/\/equihero.eu\/de\/#website\"},\"primaryImageOfPage\":{\"@id\":\"https:\/\/equihero.eu\/de\/produkt\/anatomische-inhalationsmaske-fur-pferde-rosa-kopia\/#primaryimage\"},\"image\":{\"@id\":\"https:\/\/equihero.eu\/de\/produkt\/anatomische-inhalationsmaske-fur-pferde-rosa-kopia\/#primaryimage\"},\"thumbnailUrl\":\"https:\/\/equihero.eu\/wp-content\/uploads\/2024\/07\/EHg1.jpg\",\"datePublished\":\"2024-07-12T12:44:28+00:00\",\"dateModified\":\"2025-03-12T13:37:03+00:00\",\"breadcrumb\":{\"@id\":\"https:\/\/equihero.eu\/de\/produkt\/anatomische-inhalationsmaske-fur-pferde-rosa-kopia\/#breadcrumb\"},\"inLanguage\":\"de\",\"potentialAction\":[{\"@type\":\"ReadAction\",\"target\":[\"https:\/\/equihero.eu\/de\/produkt\/anatomische-inhalationsmaske-fur-pferde-rosa-kopia\/\"]}]},{\"@type\":\"ImageObject\",\"inLanguage\":\"de\",\"@id\":\"https:\/\/equihero.eu\/de\/produkt\/anatomische-inhalationsmaske-fur-pferde-rosa-kopia\/#primaryimage\",\"url\":\"https:\/\/equihero.eu\/wp-content\/uploads\/2024\/07\/EHg1.jpg\",\"contentUrl\":\"https:\/\/equihero.eu\/wp-content\/uploads\/2024\/07\/EHg1.jpg\",\"width\":2000,\"height\":2000},{\"@type\":\"BreadcrumbList\",\"@id\":\"https:\/\/equihero.eu\/de\/produkt\/anatomische-inhalationsmaske-fur-pferde-rosa-kopia\/#breadcrumb\",\"itemListElement\":[{\"@type\":\"ListItem\",\"position\":1,\"name\":\"Home\",\"item\":\"https:\/\/equihero.eu\/de\/\"},{\"@type\":\"ListItem\",\"position\":2,\"name\":\"Shop\",\"item\":\"https:\/\/equihero.eu\/de\/shop\/\"},{\"@type\":\"ListItem\",\"position\":3,\"name\":\"Anatomische Maske f\u00fcr die Inhalation bei Pferden &#8211; Gr\u00fcn\"}]},{\"@type\":\"WebSite\",\"@id\":\"https:\/\/equihero.eu\/de\/#website\",\"url\":\"https:\/\/equihero.eu\/de\/\",\"name\":\"Equihero\",\"description\":\"\",\"publisher\":{\"@id\":\"https:\/\/equihero.eu\/de\/#organization\"},\"potentialAction\":[{\"@type\":\"SearchAction\",\"target\":{\"@type\":\"EntryPoint\",\"urlTemplate\":\"https:\/\/equihero.eu\/de\/?s={search_term_string}\"},\"query-input\":{\"@type\":\"PropertyValueSpecification\",\"valueRequired\":true,\"valueName\":\"search_term_string\"}}],\"inLanguage\":\"de\"},{\"@type\":\"Organization\",\"@id\":\"https:\/\/equihero.eu\/de\/#organization\",\"name\":\"Equihero\",\"url\":\"https:\/\/equihero.eu\/de\/\",\"logo\":{\"@type\":\"ImageObject\",\"inLanguage\":\"de\",\"@id\":\"https:\/\/equihero.eu\/de\/#\/schema\/logo\/image\/\",\"url\":\"https:\/\/equihero.eu\/wp-content\/uploads\/2024\/03\/EquiheroLogo.webp\",\"contentUrl\":\"https:\/\/equihero.eu\/wp-content\/uploads\/2024\/03\/EquiheroLogo.webp\",\"width\":958,\"height\":276,\"caption\":\"Equihero\"},\"image\":{\"@id\":\"https:\/\/equihero.eu\/de\/#\/schema\/logo\/image\/\"},\"sameAs\":[\"https:\/\/m.facebook.com\/equihero.eu\",\"https:\/\/www.instagram.com\/equihero.eu\/\",\"https:\/\/pl.linkedin.com\/company\/equihero\"]}]}<\/script>\n<meta property=\"product:price:amount\" content=\"222.50\" \/>\n<meta property=\"product:price:currency\" content=\"EUR\" \/>\n<meta property=\"og:availability\" content=\"out of stock\" \/>\n<meta property=\"product:availability\" content=\"out of stock\" \/>\n<meta property=\"product:condition\" content=\"new\" \/>\n<!-- \/ Yoast SEO plugin. -->","yoast_head_json":{"title":"Anatomische Maske f\u00fcr die Inhalation bei Pferden - Gr\u00fcn | Equihero","robots":{"index":"index","follow":"follow","max-snippet":"max-snippet:-1","max-image-preview":"max-image-preview:large","max-video-preview":"max-video-preview:-1"},"canonical":"https:\/\/equihero.eu\/de\/produkt\/anatomische-inhalationsmaske-fur-pferde-rosa-kopia\/","og_locale":"de_DE","og_type":"article","og_title":"Anatomische Maske f\u00fcr die Inhalation bei Pferden - Gr\u00fcn | Equihero","og_description":"EquiHero-Masken zeichnen sich durch ihre anatomische Form und Funktionalit\u00e4t aus. Dank des guten Sitzes am Kopf des Pferdes gelangt die verabreichte Medizin in h\u00f6herer Dosis dorthin, wo sie ben\u00f6tigt wird - in die unteren Atemwege. Die Maske hat zwei runde \u00d6ffnungen von 2,5 cm und 1,7 cm f\u00fcr den Anschluss an kompatible Inhalatoren: Flaem Nebulair oder neb210 Microlife. Die Maske kann nach der Anpassung auch mit anderen Inhalatoren verwendet werden. Die Maske passt f\u00fcr Vollblutpferde. Die Maske wird mit einer Kappe, einem Blindstopfen und einer Kappe f\u00fcr Spr\u00fchdosen geliefert.","og_url":"https:\/\/equihero.eu\/de\/produkt\/anatomische-inhalationsmaske-fur-pferde-rosa-kopia\/","og_site_name":"Equihero","article_publisher":"https:\/\/m.facebook.com\/equihero.eu","article_modified_time":"2025-03-12T13:37:03+00:00","og_image":[{"width":2000,"height":2000,"url":"https:\/\/equihero.eu\/wp-content\/uploads\/2024\/07\/EHg1.jpg","type":"image\/jpeg"}],"twitter_card":"summary_large_image","twitter_misc":{"Preis":"&euro;222.50","Verf\u00fcgbarkeit":"ausverkauft"},"schema":{"@context":"https:\/\/schema.org","@graph":[{"@type":"WebPage","@id":"https:\/\/equihero.eu\/de\/produkt\/anatomische-inhalationsmaske-fur-pferde-rosa-kopia\/","url":"https:\/\/equihero.eu\/de\/produkt\/anatomische-inhalationsmaske-fur-pferde-rosa-kopia\/","name":"Anatomische Maske f\u00fcr die Inhalation bei Pferden - Gr\u00fcn | Equihero","isPartOf":{"@id":"https:\/\/equihero.eu\/de\/#website"},"primaryImageOfPage":{"@id":"https:\/\/equihero.eu\/de\/produkt\/anatomische-inhalationsmaske-fur-pferde-rosa-kopia\/#primaryimage"},"image":{"@id":"https:\/\/equihero.eu\/de\/produkt\/anatomische-inhalationsmaske-fur-pferde-rosa-kopia\/#primaryimage"},"thumbnailUrl":"https:\/\/equihero.eu\/wp-content\/uploads\/2024\/07\/EHg1.jpg","datePublished":"2024-07-12T12:44:28+00:00","dateModified":"2025-03-12T13:37:03+00:00","breadcrumb":{"@id":"https:\/\/equihero.eu\/de\/produkt\/anatomische-inhalationsmaske-fur-pferde-rosa-kopia\/#breadcrumb"},"inLanguage":"de","potentialAction":[{"@type":"ReadAction","target":["https:\/\/equihero.eu\/de\/produkt\/anatomische-inhalationsmaske-fur-pferde-rosa-kopia\/"]}]},{"@type":"ImageObject","inLanguage":"de","@id":"https:\/\/equihero.eu\/de\/produkt\/anatomische-inhalationsmaske-fur-pferde-rosa-kopia\/#primaryimage","url":"https:\/\/equihero.eu\/wp-content\/uploads\/2024\/07\/EHg1.jpg","contentUrl":"https:\/\/equihero.eu\/wp-content\/uploads\/2024\/07\/EHg1.jpg","width":2000,"height":2000},{"@type":"BreadcrumbList","@id":"https:\/\/equihero.eu\/de\/produkt\/anatomische-inhalationsmaske-fur-pferde-rosa-kopia\/#breadcrumb","itemListElement":[{"@type":"ListItem","position":1,"name":"Home","item":"https:\/\/equihero.eu\/de\/"},{"@type":"ListItem","position":2,"name":"Shop","item":"https:\/\/equihero.eu\/de\/shop\/"},{"@type":"ListItem","position":3,"name":"Anatomische Maske f\u00fcr die Inhalation bei Pferden &#8211; Gr\u00fcn"}]},{"@type":"WebSite","@id":"https:\/\/equihero.eu\/de\/#website","url":"https:\/\/equihero.eu\/de\/","name":"Equihero","description":"","publisher":{"@id":"https:\/\/equihero.eu\/de\/#organization"},"potentialAction":[{"@type":"SearchAction","target":{"@type":"EntryPoint","urlTemplate":"https:\/\/equihero.eu\/de\/?s={search_term_string}"},"query-input":{"@type":"PropertyValueSpecification","valueRequired":true,"valueName":"search_term_string"}}],"inLanguage":"de"},{"@type":"Organization","@id":"https:\/\/equihero.eu\/de\/#organization","name":"Equihero","url":"https:\/\/equihero.eu\/de\/","logo":{"@type":"ImageObject","inLanguage":"de","@id":"https:\/\/equihero.eu\/de\/#\/schema\/logo\/image\/","url":"https:\/\/equihero.eu\/wp-content\/uploads\/2024\/03\/EquiheroLogo.webp","contentUrl":"https:\/\/equihero.eu\/wp-content\/uploads\/2024\/03\/EquiheroLogo.webp","width":958,"height":276,"caption":"Equihero"},"image":{"@id":"https:\/\/equihero.eu\/de\/#\/schema\/logo\/image\/"},"sameAs":["https:\/\/m.facebook.com\/equihero.eu","https:\/\/www.instagram.com\/equihero.eu\/","https:\/\/pl.linkedin.com\/company\/equihero"]}]},"product_price_amount":"222.50","product_price_currency":"EUR","og_availability":"out of stock","product_availability":"out of stock","product_condition":"new"},"_links":{"self":[{"href":"https:\/\/equihero.eu\/de\/wp-json\/wp\/v2\/product\/3241","targetHints":{"allow":["GET"]}}],"collection":[{"href":"https:\/\/equihero.eu\/de\/wp-json\/wp\/v2\/product"}],"about":[{"href":"https:\/\/equihero.eu\/de\/wp-json\/wp\/v2\/types\/product"}],"replies":[{"embeddable":true,"href":"https:\/\/equihero.eu\/de\/wp-json\/wp\/v2\/comments?post=3241"}],"wp:featuredmedia":[{"embeddable":true,"href":"https:\/\/equihero.eu\/de\/wp-json\/wp\/v2\/media\/3278"}],"wp:attachment":[{"href":"https:\/\/equihero.eu\/de\/wp-json\/wp\/v2\/media?parent=3241"}],"wp:term":[{"taxonomy":"product_brand","embeddable":true,"href":"https:\/\/equihero.eu\/de\/wp-json\/wp\/v2\/product_brand?post=3241"},{"taxonomy":"product_cat","embeddable":true,"href":"https:\/\/equihero.eu\/de\/wp-json\/wp\/v2\/product_cat?post=3241"},{"taxonomy":"product_tag","embeddable":true,"href":"https:\/\/equihero.eu\/de\/wp-json\/wp\/v2\/product_tag?post=3241"}],"curies":[{"name":"wp","href":"https:\/\/api.w.org\/{rel}","templated":true}]}}